{"id":256,"date":"2023-06-26T19:38:32","date_gmt":"2023-06-26T22:38:32","guid":{"rendered":"https:\/\/regenec.org\/taller\/nov2023\/?page_id=256"},"modified":"2023-07-03T21:44:20","modified_gmt":"2023-07-04T00:44:20","slug":"profesores","status":"publish","type":"page","link":"https:\/\/regenec.org\/taller\/nov2023\/profesores\/","title":{"rendered":"Profesores"},"content":{"rendered":"<p>[et_pb_section fb_built=&#8221;1&#8243; _builder_version=&#8221;4.21.0&#8243; _module_preset=&#8221;default&#8221; background_image=&#8221;https:\/\/regenec.org\/taller\/nov2023\/wp-content\/uploads\/2023\/06\/section-bg.png&#8221; background_size=&#8221;custom&#8221; background_image_width=&#8221;13%&#8221; background_position=&#8221;top_left&#8221; background_repeat=&#8221;repeat-y&#8221; custom_margin=&#8221;0px|0px|0px|0px|false|false&#8221; custom_padding=&#8221;0px|0px|0px|0px|false|false&#8221; background_last_edited=&#8221;on|tablet&#8221; background_image_tablet=&#8221;https:\/\/regenec.org\/taller\/nov2023\/wp-content\/uploads\/2023\/06\/section-bg.png&#8221; background_enable_image_tablet=&#8221;on&#8221; global_colors_info=&#8221;{}&#8221;][et_pb_row column_structure=&#8221;2_3,1_3&#8243; make_equal=&#8221;on&#8221; custom_padding_last_edited=&#8221;on|phone&#8221; _builder_version=&#8221;4.21.0&#8243; _module_preset=&#8221;default&#8221; background_enable_color=&#8221;off&#8221; width=&#8221;100%&#8221; max_width=&#8221;1920px&#8221; min_height=&#8221;79.9vh&#8221; min_height_tablet=&#8221;auto&#8221; min_height_phone=&#8221;auto&#8221; min_height_last_edited=&#8221;on|tablet&#8221; custom_padding=&#8221;0px||0px||false|false&#8221; custom_padding_tablet=&#8221;0px||0px||false|false&#8221; custom_padding_phone=&#8221;0px||0px||false|false&#8221; global_colors_info=&#8221;{}&#8221;][et_pb_column type=&#8221;2_3&#8243; _builder_version=&#8221;4.21.0&#8243; _module_preset=&#8221;default&#8221; background_image=&#8221;https:\/\/regenec.org\/taller\/nov2023\/wp-content\/uploads\/2023\/06\/column-bg.png&#8221; background_size=&#8221;custom&#8221; background_image_width=&#8221;20%&#8221; background_position=&#8221;bottom_right&#8221; custom_padding=&#8221;2%|6%|2%|10%|true|false&#8221; custom_padding_tablet=&#8221;15px|5%|15px|10%|true|false&#8221; custom_padding_phone=&#8221;15px|5%|15px|10%|true|false&#8221; custom_padding_last_edited=&#8221;on|phone&#8221; global_colors_info=&#8221;{}&#8221;][et_pb_text _builder_version=&#8221;4.21.0&#8243; _module_preset=&#8221;default&#8221; text_font=&#8221;|800||on|||||&#8221; text_text_color=&#8221;#fcbf49&#8243; text_font_size=&#8221;24px&#8221; text_letter_spacing=&#8221;2px&#8221; custom_margin=&#8221;||0px||false|false&#8221; global_colors_info=&#8221;{}&#8221;]<\/p>\n<p>Conoce a los<\/p>\n<p>[\/et_pb_text][et_pb_text _builder_version=&#8221;4.21.0&#8243; _module_preset=&#8221;default&#8221; text_font=&#8221;||||||||&#8221; header_font=&#8221;Raleway|700|||||||&#8221; header_font_size=&#8221;40px&#8221; header_line_height=&#8221;1.7em&#8221; custom_margin=&#8221;||0px||false|false&#8221; header_font_size_tablet=&#8221;40px&#8221; header_font_size_phone=&#8221;32px&#8221; header_font_size_last_edited=&#8221;on|phone&#8221; global_colors_info=&#8221;{}&#8221;]<\/p>\n<h1>Profesores del XVI Taller<\/h1>\n<p>[\/et_pb_text][et_pb_text disabled_on=&#8221;off|off|off&#8221; _builder_version=&#8221;4.21.0&#8243; _module_preset=&#8221;default&#8221; header_2_text_color=&#8221;#FFFFFF&#8221; background_color=&#8221;#fcbf49&#8243; z_index=&#8221;10&#8243; horizontal_offset_tablet=&#8221;0%&#8221; horizontal_offset_phone=&#8221;0%&#8221; horizontal_offset_last_edited=&#8221;on|tablet&#8221; position_origin_a_tablet=&#8221;center_left&#8221; position_origin_a_phone=&#8221;center_left&#8221; position_origin_a_last_edited=&#8221;on|desktop&#8221; position_origin_f_tablet=&#8221;&#8221; position_origin_f_phone=&#8221;&#8221; position_origin_f_last_edited=&#8221;on|desktop&#8221; position_origin_r_tablet=&#8221;&#8221; position_origin_r_phone=&#8221;&#8221; position_origin_r_last_edited=&#8221;on|desktop&#8221; max_width=&#8221;720px&#8221; custom_margin=&#8221;||15px|-20.5%|false|false&#8221; custom_margin_tablet=&#8221;||15px|-17.5%|false|false&#8221; custom_margin_phone=&#8221;|||-17.5%|false|false&#8221; custom_margin_last_edited=&#8221;on|desktop&#8221; custom_padding=&#8221;15px|75px|5px|20.5%|false|false&#8221; custom_padding_tablet=&#8221;15px|75px|5px|17.5%|false|false&#8221; custom_padding_phone=&#8221;15px|75px|5px|17.5%|false|false&#8221; custom_padding_last_edited=&#8221;on|desktop&#8221; positioning_tablet=&#8221;none&#8221; positioning_phone=&#8221;none&#8221; positioning_last_edited=&#8221;on|tablet&#8221; border_radii=&#8221;off||100px|100px|&#8221; global_colors_info=&#8221;{}&#8221; custom_css_main_element_last_edited=&#8221;on|desktop&#8221;]<\/p>\n<h2>Conservaci\u00f3n y Gen\u00e9tica en Acci\u00f3n<\/h2>\n<p>[\/et_pb_text][et_pb_text _builder_version=&#8221;4.21.0&#8243; _module_preset=&#8221;default&#8221; text_font=&#8221;|600|||||||&#8221; text_font_size=&#8221;21px&#8221; custom_margin=&#8221;||10px||false|false&#8221; custom_margin_tablet=&#8221;0px||||false|false&#8221; custom_margin_phone=&#8221;0px||||false|false&#8221; custom_margin_last_edited=&#8221;on|desktop&#8221; global_colors_info=&#8221;{}&#8221; global_module=&#8221;354&#8243; theme_builder_area=&#8221;post_content&#8221;]<\/p>\n<p>Del 25 de noviembre al 5 de diciembre de 2023<\/p>\n<p>[\/et_pb_text][et_pb_text _builder_version=&#8221;4.21.0&#8243; _module_preset=&#8221;default&#8221; text_font=&#8221;|300|||||||&#8221; text_font_size=&#8221;21px&#8221; custom_margin=&#8221;3%||10px||false|false&#8221; hover_enabled=&#8221;0&#8243; global_colors_info=&#8221;{}&#8221; sticky_enabled=&#8221;0&#8243;]<\/p>\n<h3 style=\"text-align: left;\"><a href=\"https:\/\/www.researchgate.net\/profile\/Angela-Martino\">\u00c1ngela Martino <span class=\"agsdi-icon\" data-icon=\"agsdix-fas fa-external-link-alt\" style=\"font-size: 20px;\">external link alt icon<\/span><\/a><\/h3>\n<p><strong>Venezuela<\/strong> &#8211; Ecolog\u00eda. Evoluci\u00f3n mam\u00edferos. Gen\u00e9tica de poblaciones. Conservaci\u00f3n<\/p>\n<p>[\/et_pb_text][et_pb_social_media_follow _builder_version=&#8221;4.21.0&#8243; _module_preset=&#8221;default&#8221; global_colors_info=&#8221;{}&#8221;][et_pb_social_media_follow_network social_network=&#8221;email&#8221; url=&#8221;mailto:amg.martino@gmail.com&#8221; _builder_version=&#8221;4.21.0&#8243; _module_preset=&#8221;default&#8221; background_color=&#8221;#0063D1&#8243; global_colors_info=&#8221;{}&#8221; follow_button=&#8221;off&#8221; url_new_window=&#8221;on&#8221;]email[\/et_pb_social_media_follow_network][\/et_pb_social_media_follow][et_pb_text _builder_version=&#8221;4.21.0&#8243; _module_preset=&#8221;default&#8221; text_font=&#8221;|300|||||||&#8221; text_font_size=&#8221;21px&#8221; custom_margin=&#8221;||10px||false|false&#8221; global_colors_info=&#8221;{}&#8221;]<\/p>\n<h3 style=\"text-align: left;\"><a href=\"http:\/\/www.intranet.biologia.ufrj.br\/lbdm\/sole\/index.html\">Antonio Sol\u00e9-Cava <span class=\"agsdi-icon\" data-icon=\"agsdix-fas fa-external-link-alt\" style=\"font-size: 20px;\">external link alt icon<\/span><\/a><\/h3>\n<p><strong>Brasil<\/strong> &#8211; Gen\u00e9tica. Ecolog\u00eda molecular de invertebrados acu\u00e1ticos. Gen\u00e9tica de poblaciones. Filogeograf\u00eda. Gen\u00e9tica forense. Gen\u00e9tica para la conservaci\u00f3n. Taxonom\u00eda. Grupo de Especialistas en Gen\u00e9tica de la UICN<\/p>\n<p>[\/et_pb_text][et_pb_social_media_follow _builder_version=&#8221;4.21.0&#8243; _module_preset=&#8221;default&#8221; global_colors_info=&#8221;{}&#8221;][et_pb_social_media_follow_network social_network=&#8221;email&#8221; url=&#8221;mailto:sole@biologia.ufrj.br&#8221; _builder_version=&#8221;4.21.0&#8243; _module_preset=&#8221;default&#8221; background_color=&#8221;#0063D1&#8243; global_colors_info=&#8221;{}&#8221; follow_button=&#8221;off&#8221; url_new_window=&#8221;on&#8221;]email[\/et_pb_social_media_follow_network][\/et_pb_social_media_follow][et_pb_text _builder_version=&#8221;4.21.0&#8243; _module_preset=&#8221;default&#8221; text_font=&#8221;|300|||||||&#8221; text_font_size=&#8221;21px&#8221; custom_margin=&#8221;||10px||false|false&#8221; global_colors_info=&#8221;{}&#8221;]<\/p>\n<h3 style=\"text-align: left;\"><a href=\"https:\/\/www.conicet.gov.ar\/new_scp\/detalle.php?id=40598&amp;datos_academicos=yes\">Berenice Trovant <span class=\"agsdi-icon\" data-icon=\"agsdix-fas fa-external-link-alt\" style=\"font-size: 20px;\">external link alt icon<\/span><\/a><\/h3>\n<p><strong>Argentina<\/strong> &#8211; Filogenia, filogeograf\u00eda y diversidad de invertebrados marinos<\/p>\n<p>[\/et_pb_text][et_pb_social_media_follow _builder_version=&#8221;4.21.0&#8243; _module_preset=&#8221;default&#8221; global_colors_info=&#8221;{}&#8221;][et_pb_social_media_follow_network social_network=&#8221;email&#8221; url=&#8221;mailto:trovant@cenpat-conicet.gob.ar&#8221; _builder_version=&#8221;4.21.0&#8243; _module_preset=&#8221;default&#8221; background_color=&#8221;#0063D1&#8243; global_colors_info=&#8221;{}&#8221; follow_button=&#8221;off&#8221; url_new_window=&#8221;on&#8221;]email[\/et_pb_social_media_follow_network][\/et_pb_social_media_follow][et_pb_text _builder_version=&#8221;4.21.0&#8243; _module_preset=&#8221;default&#8221; text_font=&#8221;|300|||||||&#8221; text_font_size=&#8221;21px&#8221; custom_margin=&#8221;||10px||false|false&#8221; global_colors_info=&#8221;{}&#8221;]<\/p>\n<h3 style=\"text-align: left;\"><a href=\"https:\/\/www.conicet.gov.ar\/new_scp\/detalle.php?id=49448&amp;datos_academicos=yes\">Cristian Durante <span class=\"agsdi-icon\" data-icon=\"agsdix-fas fa-external-link-alt\" style=\"font-size: 20px;\">external link alt icon<\/span><\/a><\/h3>\n<p><strong>Argentina<\/strong> &#8211; Bioecolog\u00eda, biodiversidad vertebrados superiores marinos y conservaci\u00f3n de cet\u00e1ceos<\/p>\n<p>[\/et_pb_text][et_pb_social_media_follow _builder_version=&#8221;4.21.0&#8243; _module_preset=&#8221;default&#8221; global_colors_info=&#8221;{}&#8221;][et_pb_social_media_follow_network social_network=&#8221;email&#8221; url=&#8221;mailto:kilydurante@gmail.com&#8221; _builder_version=&#8221;4.21.0&#8243; _module_preset=&#8221;default&#8221; background_color=&#8221;#0063D1&#8243; global_colors_info=&#8221;{}&#8221; follow_button=&#8221;off&#8221; url_new_window=&#8221;on&#8221;]email[\/et_pb_social_media_follow_network][\/et_pb_social_media_follow][et_pb_text _builder_version=&#8221;4.21.0&#8243; _module_preset=&#8221;default&#8221; text_font=&#8221;|300|||||||&#8221; text_font_size=&#8221;21px&#8221; custom_margin=&#8221;||10px||false|false&#8221; global_colors_info=&#8221;{}&#8221;]<\/p>\n<h3 style=\"text-align: left;\"><a href=\"https:\/\/www.ib.usp.br\/genetica-e-biologia-evolutiva\/info\/corpo-docente\/70-cristina-yumi-miyaki.html\">Cristina Y. Miyaki <span class=\"agsdi-icon\" data-icon=\"agsdix-fas fa-external-link-alt\" style=\"font-size: 20px;\">external link alt icon<\/span><\/a><\/h3>\n<p><strong>Brasil<\/strong> &#8211; Ornitolog\u00eda. Filogenia. Gen\u00e9tica molecular. Evoluci\u00f3n. Taxonom\u00eda molecular. Control de tr\u00e1fico de especies silvestres. Gen\u00e9tica para la conservaci\u00f3n. Grupo de Especialistas en Gen\u00e9tica de la UICN<\/p>\n<p>[\/et_pb_text][et_pb_social_media_follow _builder_version=&#8221;4.21.0&#8243; _module_preset=&#8221;default&#8221; global_colors_info=&#8221;{}&#8221;][et_pb_social_media_follow_network social_network=&#8221;email&#8221; url=&#8221;mailto:cymiyaki@usp.br&#8221; _builder_version=&#8221;4.21.0&#8243; _module_preset=&#8221;default&#8221; background_color=&#8221;#0063D1&#8243; global_colors_info=&#8221;{}&#8221; follow_button=&#8221;off&#8221; url_new_window=&#8221;on&#8221;]email[\/et_pb_social_media_follow_network][\/et_pb_social_media_follow][et_pb_text _builder_version=&#8221;4.21.0&#8243; _module_preset=&#8221;default&#8221; text_font=&#8221;|300|||||||&#8221; text_font_size=&#8221;21px&#8221; custom_margin=&#8221;||10px||false|false&#8221; global_colors_info=&#8221;{}&#8221;]<\/p>\n<h3 style=\"text-align: left;\"><a href=\"https:\/\/www.dal.ca\/faculty\/science\/biology\/faculty-staff\/our-faculty\/daniel-ruzzante.html\">Daniel Ruzzante <span class=\"agsdi-icon\" data-icon=\"agsdix-fas fa-external-link-alt\" style=\"font-size: 20px;\">external link alt icon<\/span><\/a><\/h3>\n<p><strong>Canad\u00e1 \u2013 Argentina<\/strong> &#8211; Gen\u00e9tica. Ecolog\u00eda molecular. Evoluci\u00f3n. Gen\u00e9tica del paisaje. Grupo de Especialistas en Gen\u00e9tica de la UICN<\/p>\n<p>[\/et_pb_text][et_pb_social_media_follow _builder_version=&#8221;4.21.0&#8243; _module_preset=&#8221;default&#8221; global_colors_info=&#8221;{}&#8221;][et_pb_social_media_follow_network social_network=&#8221;email&#8221; url=&#8221;mailto:daniel.ruzzante@dal.ca&#8221; _builder_version=&#8221;4.21.0&#8243; _module_preset=&#8221;default&#8221; background_color=&#8221;#0063D1&#8243; global_colors_info=&#8221;{}&#8221; follow_button=&#8221;off&#8221; url_new_window=&#8221;on&#8221;]email[\/et_pb_social_media_follow_network][\/et_pb_social_media_follow][et_pb_text _builder_version=&#8221;4.21.0&#8243; _module_preset=&#8221;default&#8221; text_font=&#8221;|300|||||||&#8221; text_font_size=&#8221;21px&#8221; custom_margin=&#8221;||10px||false|false&#8221; global_colors_info=&#8221;{}&#8221;]<\/p>\n<h3 style=\"text-align: left;\"><a href=\"https:\/\/www.institutobase.cl\/dr-elie-poulin\/\">Elie Poulin <span class=\"agsdi-icon\" data-icon=\"agsdix-fas fa-external-link-alt\" style=\"font-size: 20px;\">external link alt icon<\/span><\/a><\/h3>\n<p><strong>Chile<\/strong> &#8211; Gen\u00e9tica. Ecolog\u00eda molecular. Evoluci\u00f3n. Filogeograf\u00eda. Demograf\u00eda molecular. Gen\u00e9tica para la conservaci\u00f3n<\/p>\n<p>[\/et_pb_text][et_pb_social_media_follow _builder_version=&#8221;4.21.0&#8243; _module_preset=&#8221;default&#8221; global_colors_info=&#8221;{}&#8221;][et_pb_social_media_follow_network social_network=&#8221;email&#8221; url=&#8221;mailto:epoulin@uchile.cl&#8221; _builder_version=&#8221;4.21.0&#8243; _module_preset=&#8221;default&#8221; background_color=&#8221;#0063D1&#8243; global_colors_info=&#8221;{}&#8221; follow_button=&#8221;off&#8221; url_new_window=&#8221;on&#8221;]email[\/et_pb_social_media_follow_network][\/et_pb_social_media_follow][et_pb_text _builder_version=&#8221;4.21.0&#8243; _module_preset=&#8221;default&#8221; text_font=&#8221;|300|||||||&#8221; text_font_size=&#8221;21px&#8221; custom_margin=&#8221;||10px||false|false&#8221; global_colors_info=&#8221;{}&#8221;]<\/p>\n<h3 style=\"text-align: left;\"><a href=\"https:\/\/ieb-chile.cl\/persona\/dr-marco-mendez\/\">Marco M\u00e9ndez <span class=\"agsdi-icon\" data-icon=\"agsdix-fas fa-external-link-alt\" style=\"font-size: 20px;\">external link alt icon<\/span><\/a><\/h3>\n<p><strong>Chile<\/strong> &#8211; Filogenia. Bioinform\u00e1tica. Evoluci\u00f3n. Filosof\u00eda de la ciencia. Grupo de Especialistas en Gen\u00e9tica de la UICN<\/p>\n<p>[\/et_pb_text][et_pb_social_media_follow _builder_version=&#8221;4.21.0&#8243; _module_preset=&#8221;default&#8221; global_colors_info=&#8221;{}&#8221;][et_pb_social_media_follow_network social_network=&#8221;email&#8221; url=&#8221;mailto:mmendez@uchile.cl&#8221; _builder_version=&#8221;4.21.0&#8243; _module_preset=&#8221;default&#8221; background_color=&#8221;#0063D1&#8243; global_colors_info=&#8221;{}&#8221; follow_button=&#8221;off&#8221; url_new_window=&#8221;on&#8221;]email[\/et_pb_social_media_follow_network][\/et_pb_social_media_follow][et_pb_text _builder_version=&#8221;4.21.0&#8243; _module_preset=&#8221;default&#8221; text_font=&#8221;|300|||||||&#8221; text_font_size=&#8221;21px&#8221; custom_margin=&#8221;||10px||false|false&#8221; global_colors_info=&#8221;{}&#8221;]<\/p>\n<h3 style=\"text-align: left;\"><a href=\"https:\/\/www.researchgate.net\/profile\/Maria_Montiel_Villalobos\">Mar\u00eda Gabriela Montiel-Villalobos <span class=\"agsdi-icon\" data-icon=\"agsdix-fas fa-external-link-alt\" style=\"font-size: 20px;\">external link alt icon<\/span><\/a><\/h3>\n<p><strong>Venezuela \u2013 M\u00e9xico<\/strong> &#8211; Ecolog\u00eda molecular. Gen\u00e9tica de poblaciones de tortugas marinas<\/p>\n<p>[\/et_pb_text][et_pb_social_media_follow _builder_version=&#8221;4.21.0&#8243; _module_preset=&#8221;default&#8221; global_colors_info=&#8221;{}&#8221;][et_pb_social_media_follow_network social_network=&#8221;email&#8221; url=&#8221;mailto:asistenciaregenec@gmail.com&#8221; _builder_version=&#8221;4.21.0&#8243; _module_preset=&#8221;default&#8221; background_color=&#8221;#0063D1&#8243; global_colors_info=&#8221;{}&#8221; follow_button=&#8221;off&#8221; url_new_window=&#8221;on&#8221;]email[\/et_pb_social_media_follow_network][\/et_pb_social_media_follow][et_pb_text _builder_version=&#8221;4.21.0&#8243; _module_preset=&#8221;default&#8221; text_font=&#8221;|300|||||||&#8221; text_font_size=&#8221;21px&#8221; custom_margin=&#8221;||10px||false|false&#8221; global_colors_info=&#8221;{}&#8221;]<\/p>\n<h3 style=\"text-align: left;\"><a href=\"https:\/\/ourgenomes.sites.ucsc.edu\/people\/omar-cornejo\/\">Omar Cornejo <span class=\"agsdi-icon\" data-icon=\"agsdix-fas fa-external-link-alt\" style=\"font-size: 20px;\">external link alt icon<\/span><\/a><\/h3>\n<p><strong>Estados Unidos de Am\u00e9rica \u2013 Venezuela<\/strong> &#8211; Gen\u00f3mica. Bioinform\u00e1tica. Biotecnolog\u00eda. Evoluci\u00f3n<\/p>\n<p>[\/et_pb_text][et_pb_social_media_follow _builder_version=&#8221;4.21.0&#8243; _module_preset=&#8221;default&#8221; global_colors_info=&#8221;{}&#8221;][et_pb_social_media_follow_network social_network=&#8221;email&#8221; url=&#8221;mailto:ocornejo@gmail.com&#8221; _builder_version=&#8221;4.21.0&#8243; _module_preset=&#8221;default&#8221; background_color=&#8221;#0063D1&#8243; global_colors_info=&#8221;{}&#8221; follow_button=&#8221;off&#8221; url_new_window=&#8221;on&#8221;]email[\/et_pb_social_media_follow_network][\/et_pb_social_media_follow][et_pb_text _builder_version=&#8221;4.21.0&#8243; _module_preset=&#8221;default&#8221; text_font=&#8221;|300|||||||&#8221; text_font_size=&#8221;21px&#8221; custom_margin=&#8221;||10px||false|false&#8221; global_colors_info=&#8221;{}&#8221;]<\/p>\n<h3 style=\"text-align: left;\"><a href=\"https:\/\/www.conicet.gov.ar\/new_scp\/detalle.php?id=47459&amp;datos_academicos=yes\">Tatiana Kasinsky <span class=\"agsdi-icon\" data-icon=\"agsdix-fas fa-external-link-alt\" style=\"font-size: 20px;\">external link alt icon<\/span><\/a><\/h3>\n<p><strong>Argentina<\/strong> &#8211; Ecolog\u00eda marina, filogeograf\u00eda, conservaci\u00f3n, biodiversidad, gen\u00e9tica poblacional de aves marinas<\/p>\n<p>[\/et_pb_text][et_pb_social_media_follow _builder_version=&#8221;4.21.0&#8243; _module_preset=&#8221;default&#8221; global_colors_info=&#8221;{}&#8221;][et_pb_social_media_follow_network social_network=&#8221;email&#8221; url=&#8221;mailto:tkasinsky@gmail.com&#8221; _builder_version=&#8221;4.21.0&#8243; _module_preset=&#8221;default&#8221; background_color=&#8221;#0063D1&#8243; global_colors_info=&#8221;{}&#8221; follow_button=&#8221;off&#8221; url_new_window=&#8221;on&#8221;]email[\/et_pb_social_media_follow_network][\/et_pb_social_media_follow][et_pb_text _builder_version=&#8221;4.21.0&#8243; _module_preset=&#8221;default&#8221; text_font=&#8221;|300|||||||&#8221; text_font_size=&#8221;21px&#8221; custom_margin=&#8221;||10px||false|false&#8221; global_colors_info=&#8221;{}&#8221;]<\/p>\n<h3 style=\"text-align: left;\"><a href=\"https:\/\/www.researchgate.net\/profile\/Maria-Oliveira-Miranda\">Tina Oliveira-Miranda <span class=\"agsdi-icon\" data-icon=\"agsdix-fas fa-external-link-alt\" style=\"font-size: 20px;\">external link alt icon<\/span><\/a><\/h3>\n<p><strong>Venezuela<\/strong> &#8211; Biolog\u00eda de la Conservaci\u00f3n. Desarrollo de capacidades en conservaci\u00f3n. Biogeograf\u00eda. Ecolog\u00eda evolutiva. SIG y Sensores remotos<\/p>\n<p>[\/et_pb_text][et_pb_social_media_follow _builder_version=&#8221;4.21.0&#8243; _module_preset=&#8221;default&#8221; global_colors_info=&#8221;{}&#8221;][et_pb_social_media_follow_network social_network=&#8221;email&#8221; url=&#8221;mailto:oliveira.maria@gmail.com&#8221; _builder_version=&#8221;4.21.0&#8243; _module_preset=&#8221;default&#8221; background_color=&#8221;#0063D1&#8243; global_colors_info=&#8221;{}&#8221; follow_button=&#8221;off&#8221; url_new_window=&#8221;on&#8221;]email[\/et_pb_social_media_follow_network][\/et_pb_social_media_follow][et_pb_code _builder_version=&#8221;4.21.0&#8243; _module_preset=&#8221;default&#8221; custom_margin=&#8221;0px||||false|false&#8221; custom_margin_tablet=&#8221;15px||||false|false&#8221; custom_margin_phone=&#8221;15px||||false|false&#8221; custom_margin_last_edited=&#8221;on|tablet&#8221; global_module=&#8221;327&#8243; saved_tabs=&#8221;all&#8221; global_colors_info=&#8221;{}&#8221;]<\/p>\n<div class=\"xvi-logo-container\"><!-- [et_pb_line_break_holder] -->    <img decoding=\"async\" src=\"https:\/\/regenec.org\/taller\/nov2023\/wp-content\/uploads\/2023\/06\/uni-sjb.png\" alt=\"Universidad Nacional de la Patagonia San Juan Bosco\" title=\"Universidad Nacional de la Patagonia San Juan Bosco\"><!-- [et_pb_line_break_holder] -->    <img decoding=\"async\" src=\"https:\/\/regenec.org\/taller\/nov2023\/wp-content\/uploads\/2023\/06\/cesimar-conicet.png\" alt=\"Centro para el Estudio de Sistemas Marinos (Consejo Nacional de Investigaciones Cient\u00edficas y T\u00e9cnicas)\" title=\"Centro para el Estudio de Sistemas Marinos (Consejo Nacional de Investigaciones Cient\u00edficas y T\u00e9cnicas)\"><!-- [et_pb_line_break_holder] -->    <img decoding=\"async\" src=\"https:\/\/regenec.org\/taller\/nov2023\/wp-content\/uploads\/2023\/06\/ideaus-conicet.png\" alt=\"Instituto de Diversidad y Evoluci\u00f3n Austral (Consejo Nacional de Investigaciones Cient\u00edficas y T\u00e9cnicas)\" title=\"Instituto de Diversidad y Evoluci\u00f3n Austral (Consejo Nacional de Investigaciones Cient\u00edficas y T\u00e9cnicas)\"><!-- [et_pb_line_break_holder] -->    <img decoding=\"async\" src=\"https:\/\/regenec.org\/taller\/nov2023\/wp-content\/uploads\/2023\/06\/nuevo-logo-imb-color.png\" alt=\"Instituto Milenio Base\" title=\"Instituto Milenio Base\"><!-- [et_pb_line_break_holder] -->    <img decoding=\"async\" src=\"https:\/\/regenec.org\/taller\/nov2023\/wp-content\/uploads\/2023\/06\/ILPS-Brasil.png\" alt=\"Instituto Lu\u00edsa Pinho Sartori\" title=\"Instituto Lu\u00edsa Pinho Sartori\"><!-- [et_pb_line_break_holder] -->    <img decoding=\"async\" src=\"https:\/\/regenec.org\/taller\/nov2023\/wp-content\/uploads\/2023\/06\/UNU-BIOLAC_LOGO_2C.png\" alt=\"UNU-BIOLAC\" title=\"UNU-BIOLAC\"><!-- [et_pb_line_break_holder] --><\/div>\n<p>[\/et_pb_code][\/et_pb_column][et_pb_column type=&#8221;1_3&#8243; disabled_on=&#8221;off|off|off&#8221; _builder_version=&#8221;4.21.0&#8243; _module_preset=&#8221;default&#8221; background_color=&#8221;#75aadb&#8221; custom_padding=&#8221;2%|2%|2%|2%|true|true&#8221; custom_css_main_element=&#8221;position: relative;&#8221; global_colors_info=&#8221;{}&#8221;][et_pb_image src=&#8221;https:\/\/regenec.org\/taller\/nov2023\/wp-content\/uploads\/2023\/06\/Athene-cunicularia-Lechuza-viscachera-Kily-Durante.jpg&#8221; alt=&#8221;Athene cunicularia &#8211; Lechuza viscachera &#8211; Kily Durante&#8221; title_text=&#8221;Athene cunicularia &#8211; Lechuza viscachera &#8211; Kily Durante&#8221; show_bottom_space=&#8221;off&#8221; align=&#8221;center&#8221; disabled_on=&#8221;on|on|off&#8221; module_id=&#8221;landing-photograph&#8221; _builder_version=&#8221;4.21.0&#8243; _module_preset=&#8221;default&#8221; z_index=&#8221;1&#8243; width=&#8221;100%&#8221; max_width_tablet=&#8221;300px&#8221; max_width_phone=&#8221;300px&#8221; max_width_last_edited=&#8221;on|tablet&#8221; module_alignment_tablet=&#8221;left&#8221; module_alignment_phone=&#8221;left&#8221; module_alignment_last_edited=&#8221;on|tablet&#8221; custom_css_main_element=&#8221;position: absolute;||bottom: 0;||left: -30%;&#8221; border_radii=&#8221;off||100px||&#8221; global_colors_info=&#8221;{}&#8221; custom_css_main_element_last_edited=&#8221;on|desktop&#8221; custom_css_main_element_tablet=&#8221;position: absolute;||bottom: 0;||left: -30%;&#8221; custom_css_main_element_phone=&#8221;position: absolute;||bottom: 0;||left: -30%;&#8221;][\/et_pb_image][et_pb_text disabled_on=&#8221;on|on|off&#8221; _builder_version=&#8221;4.21.0&#8243; _module_preset=&#8221;default&#8221; text_font_size=&#8221;12px&#8221; text_line_height=&#8221;1em&#8221; background_color=&#8221;#FFFFFF&#8221; z_index=&#8221;20&#8243; custom_margin=&#8221;||0px||false|false&#8221; custom_padding=&#8221;15px|50px|15px|50px|false|false&#8221; custom_css_main_element=&#8221;position: absolute;||bottom: 10%;||left: 1%;&#8221; border_radii=&#8221;off|100px||100px|&#8221; global_colors_info=&#8221;{}&#8221;]<\/p>\n<p>Lechuza viscachera (<em>Athene cunicularia<\/em>)<br \/>\u2014 Kily Durante<\/p>\n<p>[\/et_pb_text][\/et_pb_column][\/et_pb_row][\/et_pb_section]<\/p>\n","protected":false},"excerpt":{"rendered":"<p>El XVI curso est\u00e1 dirigido a estudiantes de postgrado y profesionales de Am\u00e9rica Latina que tienen un compromiso demostrado con la conservaci\u00f3n. Durante el curso los participantes podr\u00e1n actualizarce en conceptos clave y herramientas de an\u00e1lisis, adem\u00e1s de debatir con otros estudiantes, profesionales, funcionarios p\u00fablicos y reconocidos investigadores que han contribuido a la conservaci\u00f3n de la biodiversidad en Am\u00e9rica Latina. Este curso ser\u00e1 el primero co-organizado en conjunto entre ReGeneC y varios profesionales que han sido alumnos de ediciones anteriores del curso, quienes facilitar\u00e1n una &#8220;jornada de intercambio cient\u00edfico&#8221; con el fin de apoyar el desarrollo profesional de los nuevos alumnos. Este encuentro se celebrar\u00e1 en el marco del XVI curso ReGeneC. Los estudiantes de cursos pasados (2018 &#8211; 2022) que hayan finalizado y\/o publicado sus trabajos, ser\u00e1n invitados a compartir experiencias, dar a conocer nuevas ideas o necesidades, e intercambiar opiniones y conocimientos. Este foro tambi\u00e9n ser\u00e1 una oportunidad para establecer nuevas colaboraciones cient\u00edficas.<\/p>\n","protected":false},"author":1,"featured_media":0,"parent":0,"menu_order":0,"comment_status":"closed","ping_status":"closed","template":"","meta":{"_et_pb_use_builder":"on","_et_pb_old_content":"","_et_gb_content_width":"","footnotes":""},"class_list":["post-256","page","type-page","status-publish","hentry"],"_links":{"self":[{"href":"https:\/\/regenec.org\/taller\/nov2023\/wp-json\/wp\/v2\/pages\/256","targetHints":{"allow":["GET"]}}],"collection":[{"href":"https:\/\/regenec.org\/taller\/nov2023\/wp-json\/wp\/v2\/pages"}],"about":[{"href":"https:\/\/regenec.org\/taller\/nov2023\/wp-json\/wp\/v2\/types\/page"}],"author":[{"embeddable":true,"href":"https:\/\/regenec.org\/taller\/nov2023\/wp-json\/wp\/v2\/users\/1"}],"replies":[{"embeddable":true,"href":"https:\/\/regenec.org\/taller\/nov2023\/wp-json\/wp\/v2\/comments?post=256"}],"version-history":[{"count":26,"href":"https:\/\/regenec.org\/taller\/nov2023\/wp-json\/wp\/v2\/pages\/256\/revisions"}],"predecessor-version":[{"id":364,"href":"https:\/\/regenec.org\/taller\/nov2023\/wp-json\/wp\/v2\/pages\/256\/revisions\/364"}],"wp:attachment":[{"href":"https:\/\/regenec.org\/taller\/nov2023\/wp-json\/wp\/v2\/media?parent=256"}],"curies":[{"name":"wp","href":"https:\/\/api.w.org\/{rel}","templated":true}]}}