{"id":166,"date":"2021-06-14T21:06:43","date_gmt":"2021-06-15T00:06:43","guid":{"rendered":"https:\/\/regenec.org\/taller\/sep2021\/?page_id=166"},"modified":"2021-07-27T17:35:56","modified_gmt":"2021-07-27T20:35:56","slug":"creditos","status":"publish","type":"page","link":"https:\/\/regenec.org\/taller\/sep2021\/creditos\/","title":{"rendered":"Cr\u00e9ditos"},"content":{"rendered":"<p>[et_pb_section fb_built=\u00bb1&#8243; _builder_version=\u00bb4.9.6&#8243; _module_preset=\u00bbdefault\u00bb custom_margin=\u00bb0px||0px|0px|false|false\u00bb custom_padding=\u00bb0px|0px|0px|0px|false|false\u00bb collapsed=\u00bboff\u00bb][et_pb_row column_structure=\u00bb1_3,1_3,1_3&#8243; make_equal=\u00bbon\u00bb _builder_version=\u00bb4.9.6&#8243; _module_preset=\u00bbdefault\u00bb background_enable_image=\u00bboff\u00bb width=\u00bb100%\u00bb max_width=\u00bb1920px\u00bb min_height=\u00bb100vh\u00bb custom_margin=\u00bb0px|0px|0px|0px|false|false\u00bb custom_padding=\u00bb0px||0px|0px|false|false\u00bb][et_pb_column type=\u00bb1_3&#8243; module_id=\u00bblanding-col-bg\u00bb _builder_version=\u00bb4.9.6&#8243; _module_preset=\u00bbdefault\u00bb background_image=\u00bbhttps:\/\/regenec.org\/taller\/sep2021\/wp-content\/uploads\/2021\/06\/Brazil-Nature-1.png\u00bb custom_padding=\u00bb||||false|false\u00bb custom_padding_tablet=\u00bb350px||||false|false\u00bb custom_padding_phone=\u00bb250px||||false|false\u00bb custom_padding_last_edited=\u00bbon|tablet\u00bb][\/et_pb_column][et_pb_column type=\u00bb1_3&#8243; _builder_version=\u00bb4.9.6&#8243; _module_preset=\u00bbdefault\u00bb custom_padding=\u00bb5%||5%||false|false\u00bb custom_padding_tablet=\u00bb0%|5%||5%|false|false\u00bb custom_padding_phone=\u00bb0%|5%||5%|false|false\u00bb custom_padding_last_edited=\u00bbon|desktop\u00bb][et_pb_image src=\u00bbhttps:\/\/regenec.org\/taller\/sep2021\/wp-content\/uploads\/2021\/06\/logo-compuesto.png\u00bb alt=\u00bbII Congreso Latinoamericano de Gen\u00e9tica para la Conservaci\u00f3n &#8211; ReGeneC\u00bb title_text=\u00bbII Congreso Latinoamericano de Gen\u00e9tica para la Conservaci\u00f3n &#8211; ReGeneC\u00bb url=\u00bbhttps:\/\/regenec.org\/taller\/sep2021\/\u00bb admin_label=\u00bbLogo ReGeneC\u00bb module_class=\u00bbmain-logo\u00bb _builder_version=\u00bb4.9.6&#8243; _module_preset=\u00bbdefault\u00bb max_width=\u00bb360px\u00bb custom_margin=\u00bb||||false|false\u00bb global_module=\u00bb199&#8243;][\/et_pb_image][et_pb_text _builder_version=\u00bb4.9.10&#8243; vertical_offset_tablet=\u00bb0&#8243; horizontal_offset_tablet=\u00bb0&#8243; hover_enabled=\u00bb0&#8243; z_index_tablet=\u00bb0&#8243; text_text_shadow_horizontal_length_tablet=\u00bb0px\u00bb text_text_shadow_vertical_length_tablet=\u00bb0px\u00bb text_text_shadow_blur_strength_tablet=\u00bb1px\u00bb link_text_shadow_horizontal_length_tablet=\u00bb0px\u00bb link_text_shadow_vertical_length_tablet=\u00bb0px\u00bb link_text_shadow_blur_strength_tablet=\u00bb1px\u00bb ul_text_shadow_horizontal_length_tablet=\u00bb0px\u00bb ul_text_shadow_vertical_length_tablet=\u00bb0px\u00bb ul_text_shadow_blur_strength_tablet=\u00bb1px\u00bb ol_text_shadow_horizontal_length_tablet=\u00bb0px\u00bb ol_text_shadow_vertical_length_tablet=\u00bb0px\u00bb ol_text_shadow_blur_strength_tablet=\u00bb1px\u00bb quote_text_shadow_horizontal_length_tablet=\u00bb0px\u00bb quote_text_shadow_vertical_length_tablet=\u00bb0px\u00bb quote_text_shadow_blur_strength_tablet=\u00bb1px\u00bb header_text_shadow_horizontal_length_tablet=\u00bb0px\u00bb header_text_shadow_vertical_length_tablet=\u00bb0px\u00bb header_text_shadow_blur_strength_tablet=\u00bb1px\u00bb header_2_text_shadow_horizontal_length_tablet=\u00bb0px\u00bb header_2_text_shadow_vertical_length_tablet=\u00bb0px\u00bb header_2_text_shadow_blur_strength_tablet=\u00bb1px\u00bb header_3_text_shadow_horizontal_length_tablet=\u00bb0px\u00bb header_3_text_shadow_vertical_length_tablet=\u00bb0px\u00bb header_3_text_shadow_blur_strength_tablet=\u00bb1px\u00bb header_4_text_shadow_horizontal_length_tablet=\u00bb0px\u00bb header_4_text_shadow_vertical_length_tablet=\u00bb0px\u00bb header_4_text_shadow_blur_strength_tablet=\u00bb1px\u00bb header_5_text_shadow_horizontal_length_tablet=\u00bb0px\u00bb header_5_text_shadow_vertical_length_tablet=\u00bb0px\u00bb header_5_text_shadow_blur_strength_tablet=\u00bb1px\u00bb header_6_text_shadow_horizontal_length_tablet=\u00bb0px\u00bb header_6_text_shadow_vertical_length_tablet=\u00bb0px\u00bb header_6_text_shadow_blur_strength_tablet=\u00bb1px\u00bb box_shadow_horizontal_tablet=\u00bb0px\u00bb box_shadow_vertical_tablet=\u00bb0px\u00bb box_shadow_blur_tablet=\u00bb40px\u00bb box_shadow_spread_tablet=\u00bb0px\u00bb sticky_enabled=\u00bb0&#8243;]<\/p>\n<h1>Cr\u00e9ditos<\/h1>\n<p>Para mayor informaci\u00f3n sobre los organizadores, descarga el programa del evento.<\/p>\n<p><strong>Comit\u00e9 Cient\u00edfico<\/strong><\/p>\n<ul>\n<li>Dra. \u00c1ngela M.G. Martino, Venezuela<\/li>\n<li>Dr. Antonio Sol\u00e9-Cava, Brasil<\/li>\n<li>Dra. Cristina Y. Miyaki, Brasil<\/li>\n<li>Dr. Daniel Ruzzante, Canad\u00e1<\/li>\n<li>Dr. Elie Poulin, Chile<\/li>\n<li>Dr. Marco M\u00e9ndez, Chile<\/li>\n<li>Dra. Mar\u00eda A. Oliveira-Miranda, Venezuela<\/li>\n<li>Dr. Omar Cornejo; EE. UU.<\/li>\n<\/ul>\n<p><strong>Comit\u00e9 Organizador<\/strong><\/p>\n<ul>\n<li>Dr. Antonio Sol\u00e9-Cava, UFRJ<\/li>\n<li>Dra. Cristina Y. Miyaki, USP<\/li>\n<li>Dra. Mar\u00eda G. Montiel-Villalobos, ReGeneC &#8211; M\u00e9xico<\/li>\n<\/ul>\n<p><strong>Dise\u00f1o y Desarrolllo Web<\/strong><\/p>\n<p>Melvin Ramos, Venezuela<\/p>\n<p><strong>Im\u00e1genes<\/strong><\/p>\n<p>Vectores creados por <a href=\"http:\/\/www.freepik.com\" target=\"_blank\" rel=\"noopener\">freepik<\/a><\/p>\n<p>[\/et_pb_text][\/et_pb_column][et_pb_column type=\u00bb1_3&#8243; _builder_version=\u00bb4.9.6&#8243; _module_preset=\u00bbdefault\u00bb custom_padding=\u00bb5%||5%||false|false\u00bb][et_pb_text admin_label=\u00bbTexto\u00bb _builder_version=\u00bb4.9.6&#8243; _module_preset=\u00bbdefault\u00bb custom_margin=\u00bb||0px||false|false\u00bb custom_padding=\u00bb||0px||false|false\u00bb global_module=\u00bb79&#8243; saved_tabs=\u00bball\u00bb]<\/p>\n<p style=\"text-align: center;\">Con el apoyo de<\/p>\n<p>[\/et_pb_text][et_pb_image src=\u00bbhttps:\/\/regenec.org\/taller\/sep2021\/wp-content\/uploads\/2021\/06\/AGA.jpg\u00bb alt=\u00bbAmerican Genetic Association\u00bb title_text=\u00bbAmerican Genetic Association\u00bb url=\u00bbhttps:\/\/www.theaga.org\/index.htm\u00bb url_new_window=\u00bbon\u00bb align=\u00bbcenter\u00bb admin_label=\u00bbLogo AGA\u00bb _builder_version=\u00bb4.9.6&#8243; _module_preset=\u00bbdefault\u00bb width=\u00bb200px\u00bb global_module=\u00bb80&#8243; saved_tabs=\u00bball\u00bb][\/et_pb_image][et_pb_text admin_label=\u00bbAcerca del II CLAGeneC\u00bb module_class=\u00bbmenu-box\u00bb _builder_version=\u00bb4.9.6&#8243; _module_preset=\u00bbdefault\u00bb vertical_offset_tablet=\u00bb0&#8243; horizontal_offset_tablet=\u00bb0&#8243; link_option_url=\u00bbhttps:\/\/regenec.org\/taller\/sep2021\/acerca-del-ii-clagenec\/\u00bb z_index_tablet=\u00bb0&#8243; text_text_shadow_horizontal_length_tablet=\u00bb0px\u00bb text_text_shadow_vertical_length_tablet=\u00bb0px\u00bb text_text_shadow_blur_strength_tablet=\u00bb1px\u00bb link_text_shadow_horizontal_length_tablet=\u00bb0px\u00bb link_text_shadow_vertical_length_tablet=\u00bb0px\u00bb link_text_shadow_blur_strength_tablet=\u00bb1px\u00bb ul_text_shadow_horizontal_length_tablet=\u00bb0px\u00bb ul_text_shadow_vertical_length_tablet=\u00bb0px\u00bb ul_text_shadow_blur_strength_tablet=\u00bb1px\u00bb ol_text_shadow_horizontal_length_tablet=\u00bb0px\u00bb ol_text_shadow_vertical_length_tablet=\u00bb0px\u00bb ol_text_shadow_blur_strength_tablet=\u00bb1px\u00bb quote_text_shadow_horizontal_length_tablet=\u00bb0px\u00bb quote_text_shadow_vertical_length_tablet=\u00bb0px\u00bb quote_text_shadow_blur_strength_tablet=\u00bb1px\u00bb header_text_shadow_horizontal_length_tablet=\u00bb0px\u00bb header_text_shadow_vertical_length_tablet=\u00bb0px\u00bb header_text_shadow_blur_strength_tablet=\u00bb1px\u00bb header_2_text_shadow_horizontal_length_tablet=\u00bb0px\u00bb header_2_text_shadow_vertical_length_tablet=\u00bb0px\u00bb header_2_text_shadow_blur_strength_tablet=\u00bb1px\u00bb header_3_text_shadow_horizontal_length_tablet=\u00bb0px\u00bb header_3_text_shadow_vertical_length_tablet=\u00bb0px\u00bb header_3_text_shadow_blur_strength_tablet=\u00bb1px\u00bb header_4_text_shadow_horizontal_length_tablet=\u00bb0px\u00bb header_4_text_shadow_vertical_length_tablet=\u00bb0px\u00bb header_4_text_shadow_blur_strength_tablet=\u00bb1px\u00bb header_5_text_shadow_horizontal_length_tablet=\u00bb0px\u00bb header_5_text_shadow_vertical_length_tablet=\u00bb0px\u00bb header_5_text_shadow_blur_strength_tablet=\u00bb1px\u00bb header_6_text_shadow_horizontal_length_tablet=\u00bb0px\u00bb header_6_text_shadow_vertical_length_tablet=\u00bb0px\u00bb header_6_text_shadow_blur_strength_tablet=\u00bb1px\u00bb box_shadow_horizontal_tablet=\u00bb0px\u00bb box_shadow_vertical_tablet=\u00bb0px\u00bb box_shadow_blur_tablet=\u00bb40px\u00bb box_shadow_spread_tablet=\u00bb0px\u00bb global_module=\u00bb85&#8243; saved_tabs=\u00bball\u00bb]<\/p>\n<p>Acerca del<br \/><strong>II CLAGeneC<\/strong><\/p>\n<p>[\/et_pb_text][et_pb_text admin_label=\u00bbDescarga el Programa\u00bb module_class=\u00bbmenu-box\u00bb _builder_version=\u00bb4.9.9&#8243; _module_preset=\u00bbdefault\u00bb link_option_url=\u00bbhttps:\/\/regenec.org\/taller\/sep2021\/wp-content\/uploads\/2021\/07\/Programa-II-CLAGeneC-v2.4.pdf\u00bb link_option_url_new_window=\u00bbon\u00bb global_module=\u00bb115&#8243; saved_tabs=\u00bball\u00bb]<\/p>\n<p>Descarga el<br \/><strong>Programa<\/strong><\/p>\n<p>[\/et_pb_text][et_pb_text admin_label=\u00bbSobre los Res\u00famenes\u00bb module_class=\u00bbmenu-box\u00bb _builder_version=\u00bb4.9.6&#8243; _module_preset=\u00bbdefault\u00bb link_option_url=\u00bbhttps:\/\/regenec.org\/taller\/sep2021\/resumenes\/\u00bb global_module=\u00bb261&#8243;]<\/p>\n<p>Sobre los<br \/><strong>Res\u00famenes<\/strong><\/p>\n<p>[\/et_pb_text][et_pb_text admin_label=\u00bbSobre los Mini Cursos\u00bb module_class=\u00bbmenu-box\u00bb _builder_version=\u00bb4.9.6&#8243; _module_preset=\u00bbdefault\u00bb link_option_url=\u00bbhttps:\/\/regenec.org\/taller\/sep2021\/mini-cursos\/\u00bb global_module=\u00bb131&#8243; saved_tabs=\u00bball\u00bb]<\/p>\n<p>Sobre los<br \/><strong>Mini Cursos<\/strong><\/p>\n<p>[\/et_pb_text][et_pb_text admin_label=\u00bbVolver al Inicio\u00bb module_class=\u00bbmenu-box\u00bb _builder_version=\u00bb4.9.6&#8243; _module_preset=\u00bbdefault\u00bb link_option_url=\u00bbhttps:\/\/regenec.org\/taller\/sep2021\/\u00bb global_module=\u00bb105&#8243; saved_tabs=\u00bball\u00bb]<\/p>\n<p>Volver al<br \/><strong>Inicio<\/strong><\/p>\n<p>[\/et_pb_text][et_pb_text admin_label=\u00bbCorreo\u00bb _builder_version=\u00bb4.9.6&#8243; _module_preset=\u00bbdefault\u00bb global_module=\u00bb175&#8243;]<\/p>\n<p style=\"text-align: center; color: #f6691c;\"><strong>Contacto<\/strong><br \/><a href=\"mailto:regenec@regenec.org\" target=\"_blank\" rel=\"noopener\">regenec@regenec.org<\/a><\/p>\n<p>[\/et_pb_text][\/et_pb_column][\/et_pb_row][\/et_pb_section]<\/p>\n","protected":false},"excerpt":{"rendered":"<p>Cr\u00e9ditos Para mayor informaci\u00f3n sobre los organizadores, descarga el programa del evento. Comit\u00e9 Cient\u00edfico Dra. \u00c1ngela M.G. Martino, Venezuela Dr. Antonio Sol\u00e9-Cava, Brasil Dra. Cristina Y. Miyaki, Brasil Dr. Daniel Ruzzante, Canad\u00e1 Dr. Elie Poulin, Chile Dr. Marco M\u00e9ndez, Chile Dra. Mar\u00eda A. Oliveira-Miranda, Venezuela Dr. Omar Cornejo; EE. UU. Comit\u00e9 Organizador Dr. Antonio Sol\u00e9-Cava, [&hellip;]<\/p>\n","protected":false},"author":1,"featured_media":0,"parent":0,"menu_order":0,"comment_status":"closed","ping_status":"closed","template":"page-template-blank.php","meta":{"_et_pb_use_builder":"on","_et_pb_old_content":"","_et_gb_content_width":"","footnotes":""},"class_list":["post-166","page","type-page","status-publish","hentry"],"_links":{"self":[{"href":"https:\/\/regenec.org\/taller\/sep2021\/wp-json\/wp\/v2\/pages\/166","targetHints":{"allow":["GET"]}}],"collection":[{"href":"https:\/\/regenec.org\/taller\/sep2021\/wp-json\/wp\/v2\/pages"}],"about":[{"href":"https:\/\/regenec.org\/taller\/sep2021\/wp-json\/wp\/v2\/types\/page"}],"author":[{"embeddable":true,"href":"https:\/\/regenec.org\/taller\/sep2021\/wp-json\/wp\/v2\/users\/1"}],"replies":[{"embeddable":true,"href":"https:\/\/regenec.org\/taller\/sep2021\/wp-json\/wp\/v2\/comments?post=166"}],"version-history":[{"count":17,"href":"https:\/\/regenec.org\/taller\/sep2021\/wp-json\/wp\/v2\/pages\/166\/revisions"}],"predecessor-version":[{"id":311,"href":"https:\/\/regenec.org\/taller\/sep2021\/wp-json\/wp\/v2\/pages\/166\/revisions\/311"}],"wp:attachment":[{"href":"https:\/\/regenec.org\/taller\/sep2021\/wp-json\/wp\/v2\/media?parent=166"}],"curies":[{"name":"wp","href":"https:\/\/api.w.org\/{rel}","templated":true}]}}